{"id":1390,"date":"2024-07-15T11:35:26","date_gmt":"2024-07-15T09:35:26","guid":{"rendered":"https:\/\/nix.cat\/politica-privacidad\/"},"modified":"2025-01-29T15:44:12","modified_gmt":"2025-01-29T14:44:12","slug":"politica-privacidad","status":"publish","type":"page","link":"https:\/\/nix.cat\/ca\/politica-privacidad\/","title":{"rendered":"Pol\u00edtica de privacitat"},"content":{"rendered":"<div class=\"wpb-content-wrapper\"><p>[vc_row row_height_percent=&#8221;0&#8243; override_padding=&#8221;yes&#8221; h_padding=&#8221;2&#8243; top_padding=&#8221;2&#8243; bottom_padding=&#8221;1&#8243; overlay_alpha=&#8221;50&#8243; gutter_size=&#8221;3&#8243; column_width_percent=&#8221;100&#8243; shift_y=&#8221;0&#8243; z_index=&#8221;0&#8243; content_parallax=&#8221;0&#8243; uncode_shortcode_id=&#8221;982376&#8243;][vc_column column_width_percent=&#8221;100&#8243; gutter_size=&#8221;2&#8243; overlay_alpha=&#8221;50&#8243; shift_x=&#8221;0&#8243; shift_y=&#8221;0&#8243; shift_y_down=&#8221;0&#8243; z_index=&#8221;0&#8243; medium_width=&#8221;0&#8243; mobile_width=&#8221;0&#8243; width=&#8221;1\/1&#8243; uncode_shortcode_id=&#8221;175828&#8243;][vc_custom_heading heading_semantic=&#8221;h1&#8243; uncode_shortcode_id=&#8221;999624&#8243;]Pol\u00edtica de privacitat[\/vc_custom_heading][\/vc_column][\/vc_row][vc_row][vc_column width=&#8221;1\/1&#8243;][vc_column_text uncode_shortcode_id=&#8221;391133&#8243;]<strong>INTRODUCCI\u00d3<\/strong><\/p>\n<p>Des de Nix Grup de Seguretat, S.L. entenem la import\u00e0ncia de mantenir una relaci\u00f3 transparent amb vost\u00e8. Per aquest motiu, li presentem la nostra Pol\u00edtica de Privacitat perqu\u00e8 estigui degudament informat en tot moment sobre com recopilem i tractem les seves dades de manera segura.<\/p>\n<p>Les seves dades seran tractades d&#8217;acord amb la legislaci\u00f3 vigent en mat\u00e8ria de protecci\u00f3 de dades i, en concret, segons el que estableix el Reglament (UE) 2016\/679 de 27 d&#8217;abril de 2016 (RGPD), relatiu a la protecci\u00f3 de les persones f\u00edsiques en el que respecta al tractament de dades personals i a la lliure circulaci\u00f3 d&#8217;aquestes dades. Aix\u00ed mateix, es complir\u00e0 la normativa espanyola que transposa el RGPD, en concret, la Llei Org\u00e0nica 3\/2018, de 5 de desembre, de Protecci\u00f3 de Dades Personals i Garantia dels Drets Digitals.<\/p>\n<p>Tamb\u00e9 vetllarem especialment pel compliment de les obligacions establertes a la Llei 34\/2002, de Serveis de la Societat de la Informaci\u00f3 i del Comer\u00e7 Electr\u00f2nic (LSSI-CE), en el tractament de les seves dades personals quan es realitzin comunicacions comercials o quan accedeixi a la p\u00e0gina web propietat de Nix Grup de Seguretat, S.L.<\/p>\n<p><strong>RESPONSABLE DEL TRACTAMENT<\/strong><\/p>\n<p>El responsable del tractament de les dades personals recollides a la p\u00e0gina <a title=\"Nix web\" href=\"https:\/\/nixgrup.com\/\" target=\"_new\" rel=\"noopener\">https:\/\/nixgrup.com\/<\/a> \u00e9s Nix Grup de Seguretat, S.L. (d&#8217;ara endavant, Responsable del Tractament), qui s&#8217;encarrega de tractar i protegir les seves dades personals.<\/p>\n<ul>\n<li><strong>Responsable del Tractament<\/strong>: Nix Grup de Seguretat, S.L.<\/li>\n<li><strong>CIF<\/strong>: B59837674<\/li>\n<li><strong>Direcci\u00f3 postal<\/strong>: C\/ Aiguafreda N.\u00ba 8 Nau 1, 08480 L\u2019Ametlla del Vall\u00e8s (Barcelona).<\/li>\n<li><strong>Correu electr\u00f3nic del Delegat de Protecci\u00f3 de Dades<\/strong>: dpo@lexcam.es.<\/li>\n<\/ul>\n<div class=\"flex max-w-full flex-col flex-grow\">\n<div class=\"min-h-8 text-message flex w-full flex-col items-end gap-2 whitespace-normal break-words text-start [.text-message+&amp;]:mt-5\" dir=\"auto\" data-message-author-role=\"assistant\" data-message-id=\"e3767b26-8afe-4dc2-b298-5410efcfeee1\" data-message-model-slug=\"gpt-4o\">\n<div class=\"flex w-full flex-col gap-1 empty:hidden first:pt-[3px]\">\n<div class=\"markdown prose w-full break-words dark:prose-invert light\">\n<p><strong>FINALITAT<\/strong><\/p>\n<p>La <strong>principal finalitat<\/strong> del tractament de les seves dades personals \u00e9s la <strong>d&#8217;establir, mantenir i gestionar la relaci\u00f3 comercial i contractual, aix\u00ed com respondre a les seves consultes i oferir-li serveis o productes que siguin del seu inter\u00e8s, aix\u00ed com per gestionar el canal del butllet\u00ed informatiu o newsletter.<\/strong> En el cas que apareguin altres finalitats d&#8217;\u00fas, ser\u00e0 degudament informat.<\/p>\n<p>Totes les dades que el Responsable li sol\u00b7liciti o li pugui sol\u00b7licitar s\u00f3n necess\u00e0ries per assolir les finalitats descrites i el fet de no facilitar-les suposaria la impossibilitat de poder contactar amb vost\u00e8 o gestionar la sol\u00b7licitud que realitzi al Responsable.<\/p>\n<p>Vost\u00e8 garanteix la veracitat de les dades de car\u00e0cter personal proporcionades al Responsable, podent-li sol\u00b7licitar peri\u00f2dicament dades personals.<\/p>\n<p>Finalitats de tractament de dades personals realitzades per part de Nix Grup de Seguretat, S.L.<\/p>\n<\/div>\n<\/div>\n<\/div>\n<\/div>\n<p>&nbsp;<\/p>\n<table width=\"555\">\n<tbody>\n<tr>\n<td width=\"555\"><strong>Establir, mantenir i gestionar la relaci\u00f3 contractual<\/strong><\/td>\n<\/tr>\n<tr>\n<td width=\"555\"><strong>Newsletter<\/strong><\/td>\n<\/tr>\n<tr>\n<td width=\"555\"><strong>Oferir productes o serveis similars que siguin del seu inter\u00e9s<\/strong><\/td>\n<\/tr>\n<tr>\n<td width=\"555\"><strong>Selecci\u00f3 de Personal<\/strong><\/td>\n<\/tr>\n<tr>\n<td width=\"555\"><strong>Dades menors d&#8217;edat<\/strong><\/td>\n<\/tr>\n<\/tbody>\n<\/table>\n<p><strong>DADES DE MENORS D&#8217;EDAT<\/strong><\/p>\n<p>Els menors d&#8217;edat no podran utilitzar els serveis disponibles a trav\u00e9s de la Web sense la pr\u00e8via autoritzaci\u00f3 dels seus pares, tutors o representants legals, els quals seran els \u00fanics responsables de tots els actes realitzats a trav\u00e9s de la Web pels menors a c\u00e0rrec seu, incloent-hi l&#8217;emplenament dels formularis amb les dades personals d&#8217;aquests menors i la marcaci\u00f3, si fos necessari i en el seu cas, de les caselles que els acompanyin.<\/p>\n<p><strong>SELECCI\u00d3 DE PERSONAL<\/strong><\/p>\n<p>L&#8217;aspirant que envi\u00ef comunicacions electr\u00f2niques a Nix Grup de Seguretat, S.L. amb la finalitat d&#8217;accedir als processos de selecci\u00f3 de personal del responsable, ens autoritza a analitzar els documents enviats (per exemple, el CV), tot el contingut que sigui directament accessible a trav\u00e9s de cercadors d&#8217;Internet (per exemple, Google), els perfils que mantingui en xarxes socials professionals (per exemple, LinkedIn), les dades obtingudes en les proves d&#8217;acc\u00e9s i la informaci\u00f3 que reveli en les entrevistes de treball, amb l&#8217;objectiu de valorar la seva candidatura i poder, si escau, oferir-li un lloc de treball.<\/p>\n<p>En cas que el candidat no sigui seleccionat, Nix Grup de Seguretat, S.L. podr\u00e0 mantenir emmagatzemat el seu CV durant un m\u00e0xim de 2 anys per incorporar-lo a futures convocat\u00f2ries, tret que el candidat manifesti el contrari. Aix\u00ed doncs, la base jur\u00eddica que legitima aquest tractament ser\u00e0 el consentiment de l&#8217;interessat, que podr\u00e0 revocar en qualsevol moment.<\/p>\n<p><strong>NEWSLETTER I COMUNICACIONS COMERCIALS (LSSI)<\/strong><\/p>\n<p>El client o usuari que autoritzi l&#8217;enviament de comunicacions electr\u00f2niques a Nix Grup de Seguretat, S.L. amb la finalitat de rebre butlletins informatius sobre recomanacions i novetats legislatives en mat\u00e8ria de protecci\u00f3 de dades, aix\u00ed com de realitzar comunicacions comercials sobre productes similars als contractats, ens autoritza a utilitzar les dades de correu electr\u00f2nic facilitades per a l&#8217;enviament d&#8217;aquestes amb la finalitat de mantenir la relaci\u00f3 contractual i, si escau, la subscripci\u00f3 contractada. Les dades personals es conservaran durant el termini indicat al final de la present pol\u00edtica de privacitat.<\/p>\n<p>&nbsp;<\/p>\n<p><strong>LEGITIMACI\u00d3<\/strong><\/p>\n<p>A continuaci\u00f3, s\u2019enumeren de manera num\u00e8rica les diferents bases legitimadores i, dins de cada base, les diferents finalitats del tractament.<\/p>\n<ol>\n<li><strong>Legitimaci\u00f3 per l\u2019execuci\u00f3 d\u2019un contracte de serveis entre vost\u00e8 i el Responsable del Tractament:<\/strong><\/li>\n<\/ol>\n<ul>\n<li>Gestionar la relaci\u00f3 comercial amb potencials clients, aix\u00ed com formalitzar la relaci\u00f3 contractual, que compr\u00e8n el proc\u00e9s de contractaci\u00f3 i signatura dels contractes.<\/li>\n<li>Gestionar la relaci\u00f3 contractual amb els clients i assegurar la prestaci\u00f3 dels serveis contractats, que inclou assist\u00e8ncia en la instal\u00b7laci\u00f3 i el servei t\u00e8cnic, facturaci\u00f3, cobrament i baixa dels mateixos.<\/li>\n<\/ul>\n<ol start=\"2\">\n<li>Legitimaci\u00f3 pel <strong>consentiment expr\u00e9s<\/strong>:<\/li>\n<\/ol>\n<ul>\n<li>Enviament de comunicacions comercials relacionades amb productes i serveis del Responsable, diferents dels sol\u00b7licitats o contractats, per qualsevol via, inclosa l\u2019electr\u00f2nica.<\/li>\n<li>Gesti\u00f3n de las reclamaciones a trav\u00e9s de formularios de la Web para la realizaci\u00f3n de consultas acerca del fallo de sistemas de alarma relativos a determinadas empresas instaladoras.<\/li>\n<li>Gesti\u00f3 del proc\u00e9s de selecci\u00f3 de personal per a Nix Grup de Seguretat, S.L. com a candidat a ocupaci\u00f3, atorgant el consentiment per ser incl\u00f2s a la base de dades de candidats a ocupaci\u00f3.<\/li>\n<li>Enviament de newsletters relacionats amb els serveis contractats amb el Responsable, sobre novetats legislatives o recomanacions, per qualsevol via, inclosa l\u2019electr\u00f2nica, podent donar-se de baixa del servei en qualsevol moment que consideri.<\/li>\n<\/ul>\n<ol start=\"3\">\n<li>Legitimaci\u00f3 per <strong>interessos leg\u00edtims del Responsable<\/strong>:<\/li>\n<\/ol>\n<ul>\n<li>Realitzaci\u00f3 de comunicacions comercials i publicit\u00e0ries relacionades amb productes i serveis similars als contractats pels clients del Responsable. En aquest cas, l\u2019inter\u00e8s leg\u00edtim es basa a mantenir-lo informat i actualitzat sobre productes o serveis que puguin ser del seu inter\u00e8s.<\/li>\n<\/ul>\n<ol start=\"4\">\n<li>Com el compliment de diverses obligacions legals, com en les relacions amb les autoritats p\u00fabliques (Forces i Cossos de Seguretat de l\u2019Estat, Jutges i Tribunals) amb la finalitat de donar compliment als requeriments d\u2019aquestes autoritats i a la normativa aplicable, si escau.<\/li>\n<\/ol>\n<p><strong>PRINCIPIS:<\/strong><\/p>\n<p><strong>Principi de licitud, lleialtat i transpar\u00e8ncia<\/strong><br \/>\nEs requerir\u00e0 en tot moment el consentiment de l\u2019usuari pr\u00e8via informaci\u00f3 completament transparent dels fins per als quals es recullen les dades personals.<\/p>\n<p><strong>Principi de limitaci\u00f3 del tractament:<\/strong><br \/>\nLes dades seran recollides amb fins determinats, expl\u00edcits i leg\u00edtims.<\/p>\n<p><strong>Principi de minimitzaci\u00f3<\/strong><br \/>\nLes dades personals seran \u00fanicament les necess\u00e0ries per als fins per als quals s\u00f3n tractades.<\/p>\n<p><strong>Principi d\u2019exactitud<\/strong><br \/>\nLes dades personals han de ser exactes i estar sempre actualitzades.<\/p>\n<p><strong>Principi de limitaci\u00f3 del termini de conservaci\u00f3<\/strong><br \/>\nLes dades personals nom\u00e9s es mantindran de manera que permeti la identificaci\u00f3 de l\u2019usuari durant el temps necessari per als fins del tractament.<\/p>\n<p><strong>Principi d\u2019integritat i confidencialitat<\/strong><br \/>\nLes dades personals seran tractades de manera que es garanteixi la seva seguretat i confidencialitat.<\/p>\n<p><strong>Principi de responsabilitat proactiva<\/strong><br \/>\nEl Responsable del tractament ser\u00e0 responsable d\u2019assegurar que es compleixen els principis anteriors, aix\u00ed com de poder demostrar-ho.<\/p>\n<p><strong>CESSI\u00d3 DE DADES<\/strong><\/p>\n<p>Les dades que vost\u00e8 ens faciliti seran tractades amb confidencialitat i no seran cedides ni revelades a ning\u00fa.<\/p>\n<p>Les dades que vost\u00e8 proporcioni a Nix Grup de Seguretat, S.L. podran ser comunicades a les seg\u00fcents categories de destinataris:<\/p>\n<ul>\n<li>Terceres parts a les quals Nix Grup de Seguretat, S.L. estigui obligada a transmetre informaci\u00f3, com ara autoritats p\u00fabliques, amb la finalitat de donar compliment als requeriments d\u2019aquestes autoritats i la normativa aplicable, si escau.<\/li>\n<li>Empreses col\u00b7laboradores o subcontractistes, amb la finalitat de gestionar de manera unificada i adequada una relaci\u00f3 contractual complexa consistent en diversos serveis diferents.<\/li>\n<\/ul>\n<p><strong>DRETS SOBRE EL TRACTAMENT DE LES DADES PERSONALS<\/strong><\/p>\n<p>Pot exercir els drets que es detallen a continuaci\u00f3 enviant una comunicaci\u00f3 per escrit a l\u2019adre\u00e7a C\/ Aiguafreda N.\u00ba 8 Nau 1, 08480 L\u2019Ametlla del Vall\u00e8s (Barcelona) o al correu electr\u00f2nic <a title=\"correu drets\" href=\"mailto:dpo@lexcam.es\">dpo@lexcam.es<\/a>.<\/p>\n<div class=\"flex max-w-full flex-col flex-grow\">\n<div class=\"min-h-8 text-message flex w-full flex-col items-end gap-2 whitespace-normal break-words text-start [.text-message+&amp;]:mt-5\" dir=\"auto\" data-message-author-role=\"assistant\" data-message-id=\"190f846d-f29e-436c-b736-36ae3537b2d2\" data-message-model-slug=\"gpt-4o\">\n<div class=\"flex w-full flex-col gap-1 empty:hidden first:pt-[3px]\">\n<div class=\"markdown prose w-full break-words dark:prose-invert light\">\n<p>En aquesta comunicaci\u00f3 haur\u00e0 d\u2019indicar: nom i cognoms (aportant una c\u00f2pia del DNI o qualsevol document equivalent que acrediti la identitat, i, en cas d\u2019actuar mitjan\u00e7ant representant, tamb\u00e9 s\u2019haur\u00e0 d\u2019adjuntar un document acreditatiu de tal representaci\u00f3), motius que emparen la sol\u00b7licitud, domicili a efectes de notificacions, data i signatura del sol\u00b7licitant i, finalment, qualsevol altre document que consideri necessari.<\/p>\n<p>A m\u00e9s, en cas que la seva sol\u00b7licitud no sigui atesa o consideri que existeix un problema o infracci\u00f3 de la normativa en la manera com es tracten les seves dades personals, tindr\u00e0 dret a presentar una reclamaci\u00f3 davant l\u2019autoritat de control competent, concretament, la de l\u2019Estat on tingui la seva resid\u00e8ncia habitual, lloc de treball o lloc de la suposada infracci\u00f3. A Espanya, podr\u00e0 dirigir-se a l\u2019Ag\u00e8ncia Espanyola de Protecci\u00f3 de Dades (AEPD), amb adre\u00e7a a C\/ Jorge Juan 6, 28001, Madrid.<\/p>\n<p>Com a usuari, podr\u00e0 exercir els seg\u00fcents drets reconeguts al RGPD i a la LOPDGDD davant de Nix Grup de Seguretat, S.L.:<\/p>\n<p><strong>Dret d\u2019acc\u00e9s<\/strong><br \/>\nLi atorga la possibilitat de consultar les dades personals incloses al nostre fitxer.<\/p>\n<p><strong>Dret de rectificaci\u00f3<\/strong><br \/>\nLi atorga la facultat de modificar les seves dades personals quan siguin inexactes o incompletes.<\/p>\n<\/div>\n<\/div>\n<\/div>\n<\/div>\n<p><strong>Dret de Supressi\u00f3<\/strong><\/p>\n<p>Li atorga la possibilitat d\u2019eliminar les seves dades personals, sempre que la legislaci\u00f3 vigent no estableixi el contrari, quan aquestes ja no siguin necess\u00e0ries per als fins per als quals han estat recollides o tractades.<\/p>\n<ul>\n<li>Quan hagi retirat el seu consentiment al tractament i no existeixi una altra base legal.<\/li>\n<li>Quan s\u2019oposi al tractament de les seves dades personals i no existeixi un altre motiu leg\u00edtim que permeti continuar amb el mateix.<\/li>\n<li>Quan les dades personals hagin estat tractades il\u00b7l\u00edcitament.<\/li>\n<li>Quan les dades personals s\u2019hagin de suprimir per garantir el compliment d\u2019una obligaci\u00f3 legal.<\/li>\n<li>Quan les dades personals hagin estat obtingudes com a resultat d\u2019una oferta directa de serveis de la societat de la informaci\u00f3 a un menor de 14 anys.<\/li>\n<\/ul>\n<p>Aix\u00ed mateix, el Responsable haur\u00e0 d\u2019adoptar mesures raonables per informar els responsables que estiguin tractant les dades personals sobre la seva sol\u00b7licitud de supressi\u00f3, tenint en compte la tecnologia disponible i el cost de la seva aplicaci\u00f3.<\/p>\n<p><strong>Dret d\u2019oposici\u00f3<\/strong><br \/>\nLi atorga la facultat de sol\u00b7licitar que les seves dades personals no siguin tractades.<\/p>\n<p><strong>Dret de limitaci\u00f3 del tractament<\/strong><br \/>\nEls casos en qu\u00e8 \u00e9s possible sol\u00b7licitar la limitaci\u00f3 del tractament s\u00f3n:<\/p>\n<ul>\n<li>Mentre es comprova la impugnaci\u00f3 de l\u2019exactitud de les seves dades.<\/li>\n<li>Quan el tractament \u00e9s il\u00b7l\u00edcit, per\u00f2 s\u2019oposi a la supressi\u00f3 de les dades.<\/li>\n<li>Quan el responsable no necessiti el tractament de les seves dades personals, per\u00f2 vost\u00e8 les necessiti per a l\u2019exercici o la defensa de reclamacions.<\/li>\n<li>Quan s\u2019hagi oposat al tractament de les seves dades per al compliment d\u2019una missi\u00f3 d\u2019inter\u00e8s p\u00fablic o per satisfer un inter\u00e8s leg\u00edtim, mentre es verifica si els motius leg\u00edtims per al tractament prevalen sobre els seus.<\/li>\n<\/ul>\n<p><strong>Dret a la portabilitat<\/strong><br \/>\nLi atorga la possibilitat de rebre, en format electr\u00f2nic, les dades personals que ens hagi facilitat, aix\u00ed com transmetre-les a una altra entitat.<\/p>\n<p><strong>MESURES DE SEGURETAT<\/strong><\/p>\n<p>Nix Grup de Seguretat, S.L. es compromet a adoptar les mesures t\u00e8cniques i organitzatives necess\u00e0ries, segons el nivell de seguretat adequat al risc de les dades recollides, de manera que es garanteixi la seva seguretat i s\u2019eviti la destrucci\u00f3, p\u00e8rdua o alteraci\u00f3 accidental o il\u00b7l\u00edcita de les dades personals transmeses, conservades o tractades d\u2019una altra manera, aix\u00ed com la comunicaci\u00f3 o acc\u00e9s no autoritzat a aquestes dades.<\/p>\n<p>Per la seva banda, Nix Grup de Seguretat, S.L. no pot garantir la inexpugnabilitat d\u2019Internet ni l\u2019abs\u00e8ncia total d\u2019atacs de hackers o altres situacions similars que puguin produir l\u2019acc\u00e9s fraudulent a les seves dades personals. Per aix\u00f2, el Responsable es compromet a comunicar-li (usuari), sense dilaci\u00f3 indeguda, si es produeix una violaci\u00f3 de seguretat de les seves dades personals que pugui comportar un alt risc per als drets i llibertats de les persones f\u00edsiques.<\/p>\n<p>Igualment, Nix Grup de Seguretat, S.L. informa que tot el nostre personal, independentment de la fase del tractament en qu\u00e8 intervingui, ha adoptat el comprom\u00eds de tractar les seves dades amb el m\u00e0xim rigor i confidencialitat. Aix\u00ed doncs, li recordem que ni Nix Grup de Seguretat, S.L. ni cap dels seus empleats cediran o comunicaran les seves dades a tercers, excepte en els casos legalment previstos o llevat que vost\u00e8 ho autoritzi expressament.<\/p>\n<p><strong>CONSERVACI\u00d3 DE LES DADES<\/strong><\/p>\n<p>Les seves dades personals es mantindran mentre estigui vinculat amb nosaltres. Un cop finalitzi aquesta vinculaci\u00f3, les seves dades personals tractades per a cada finalitat es conservaran durant els terminis legalment previstos, incloent-hi el termini de conservaci\u00f3 quan un jutge o tribunal pugui requerir-les atenent al termini de prescripci\u00f3 d\u2019accions judicials.<\/p>\n<p><strong>__________________________________________________________________________<\/strong><\/p>\n<p>Nix Grup de Seguretat, S.L. pot modificar i alterar la present pol\u00edtica de privacitat per adaptar-la a les modificacions que es puguin produir a la p\u00e0gina web de l\u2019empresa, aix\u00ed com pels canvis legislatius sobre dades personals que vagin apareixent i afectin aquesta pol\u00edtica de privacitat. Per aquesta ra\u00f3, es recomana i s\u2019exigeix la seva lectura cada vegada que ens faciliti les seves dades a trav\u00e9s de la p\u00e0gina web.[\/vc_column_text][\/vc_column][\/vc_row]<\/p>\n<\/div>","protected":false},"excerpt":{"rendered":"<p>[vc_row row_height_percent=&#8221;0&#8243; override_padding=&#8221;yes&#8221; h_padding=&#8221;2&#8243; top_padding=&#8221;2&#8243; bottom_padding=&#8221;1&#8243; overlay_alpha=&#8221;50&#8243; gutter_size=&#8221;3&#8243; column_width_percent=&#8221;100&#8243; shift_y=&#8221;0&#8243; z_index=&#8221;0&#8243; content_parallax=&#8221;0&#8243; uncode_shortcode_id=&#8221;982376&#8243;][vc_column column_width_percent=&#8221;100&#8243; gutter_size=&#8221;2&#8243; overlay_alpha=&#8221;50&#8243; shift_x=&#8221;0&#8243; shift_y=&#8221;0&#8243; shift_y_down=&#8221;0&#8243; z_index=&#8221;0&#8243; [&hellip;]<\/p>\n","protected":false},"author":1,"featured_media":0,"parent":0,"menu_order":0,"comment_status":"closed","ping_status":"open","template":"","meta":{"footnotes":""},"class_list":["post-1390","page","type-page","status-publish","hentry"],"yoast_head":"<!-- This site is optimized with the Yoast SEO Premium plugin v27.3 (Yoast SEO v27.4) - https:\/\/yoast.com\/product\/yoast-seo-premium-wordpress\/ -->\n<title>Pol\u00edtica de privacitat - NiX Grupo de Seguridad<\/title>\n<meta name=\"description\" content=\"Per aquest motiu, li presentem la nostra Pol\u00edtica de Privacitat perqu\u00e8 estigui degudament informat en tot moment sobre com recopilem...\" \/>\n<meta name=\"robots\" content=\"noindex, nofollow\" \/>\n<meta property=\"og:locale\" content=\"ca_ES\" \/>\n<meta property=\"og:type\" content=\"article\" \/>\n<meta property=\"og:title\" content=\"Pol\u00edtica de privacitat\" \/>\n<meta property=\"og:description\" content=\"Per aquest motiu, li presentem la nostra Pol\u00edtica de Privacitat perqu\u00e8 estigui degudament informat en tot moment sobre com recopilem...\" \/>\n<meta property=\"og:url\" content=\"https:\/\/nix.cat\/ca\/politica-privacidad\/\" \/>\n<meta property=\"og:site_name\" content=\"NiX Grupo de Seguridad\" \/>\n<meta property=\"article:publisher\" content=\"https:\/\/www.facebook.com\/nixgrupdeseguretat\/\" \/>\n<meta property=\"article:modified_time\" content=\"2025-01-29T14:44:12+00:00\" \/>\n<meta property=\"og:image\" content=\"https:\/\/nix.cat\/wp-content\/uploads\/2024\/07\/nix_logo.png\" \/>\n\t<meta property=\"og:image:width\" content=\"500\" \/>\n\t<meta property=\"og:image:height\" content=\"500\" \/>\n\t<meta property=\"og:image:type\" content=\"image\/png\" \/>\n<meta name=\"twitter:card\" content=\"summary_large_image\" \/>\n<meta name=\"twitter:image\" content=\"https:\/\/nix.cat\/wp-content\/uploads\/2024\/07\/nix_logo.png\" \/>\n<meta name=\"twitter:site\" content=\"@NIXseguretat\" \/>\n<meta name=\"twitter:label1\" content=\"Temps estimat de lectura\" \/>\n\t<meta name=\"twitter:data1\" content=\"11 minuts\" \/>\n<script type=\"application\/ld+json\" class=\"yoast-schema-graph\">{\"@context\":\"https:\\\/\\\/schema.org\",\"@graph\":[{\"@type\":\"WebPage\",\"@id\":\"https:\\\/\\\/nix.cat\\\/ca\\\/politica-privacidad\\\/\",\"url\":\"https:\\\/\\\/nix.cat\\\/ca\\\/politica-privacidad\\\/\",\"name\":\"Pol\u00edtica de privacitat - NiX Grupo de Seguridad\",\"isPartOf\":{\"@id\":\"https:\\\/\\\/nix.cat\\\/#website\"},\"datePublished\":\"2024-07-15T09:35:26+00:00\",\"dateModified\":\"2025-01-29T14:44:12+00:00\",\"description\":\"Per aquest motiu, li presentem la nostra Pol\u00edtica de Privacitat perqu\u00e8 estigui degudament informat en tot moment sobre com recopilem...\",\"breadcrumb\":{\"@id\":\"https:\\\/\\\/nix.cat\\\/ca\\\/politica-privacidad\\\/#breadcrumb\"},\"inLanguage\":\"ca\",\"potentialAction\":[{\"@type\":\"ReadAction\",\"target\":[\"https:\\\/\\\/nix.cat\\\/ca\\\/politica-privacidad\\\/\"]}]},{\"@type\":\"BreadcrumbList\",\"@id\":\"https:\\\/\\\/nix.cat\\\/ca\\\/politica-privacidad\\\/#breadcrumb\",\"itemListElement\":[{\"@type\":\"ListItem\",\"position\":1,\"name\":\"Portada\",\"item\":\"https:\\\/\\\/nix.cat\\\/ca\\\/\"},{\"@type\":\"ListItem\",\"position\":2,\"name\":\"Pol\u00edtica de privacitat\"}]},{\"@type\":\"WebSite\",\"@id\":\"https:\\\/\\\/nix.cat\\\/#website\",\"url\":\"https:\\\/\\\/nix.cat\\\/\",\"name\":\"NiX Grupo de Seguridad\",\"description\":\"Alarmas para Particulares y Empresas\",\"publisher\":{\"@id\":\"https:\\\/\\\/nix.cat\\\/#organization\"},\"potentialAction\":[{\"@type\":\"SearchAction\",\"target\":{\"@type\":\"EntryPoint\",\"urlTemplate\":\"https:\\\/\\\/nix.cat\\\/?s={search_term_string}\"},\"query-input\":{\"@type\":\"PropertyValueSpecification\",\"valueRequired\":true,\"valueName\":\"search_term_string\"}}],\"inLanguage\":\"ca\"},{\"@type\":\"Organization\",\"@id\":\"https:\\\/\\\/nix.cat\\\/#organization\",\"name\":\"NiX Grup de Seguretat\",\"alternateName\":\"NiX\",\"url\":\"https:\\\/\\\/nix.cat\\\/\",\"logo\":{\"@type\":\"ImageObject\",\"inLanguage\":\"ca\",\"@id\":\"https:\\\/\\\/nix.cat\\\/#\\\/schema\\\/logo\\\/image\\\/\",\"url\":\"https:\\\/\\\/nix.cat\\\/wp-content\\\/uploads\\\/2024\\\/10\\\/logo1-5.png\",\"contentUrl\":\"https:\\\/\\\/nix.cat\\\/wp-content\\\/uploads\\\/2024\\\/10\\\/logo1-5.png\",\"width\":100,\"height\":100,\"caption\":\"NiX Grup de Seguretat\"},\"image\":{\"@id\":\"https:\\\/\\\/nix.cat\\\/#\\\/schema\\\/logo\\\/image\\\/\"},\"sameAs\":[\"https:\\\/\\\/www.facebook.com\\\/nixgrupdeseguretat\\\/\",\"https:\\\/\\\/x.com\\\/NIXseguretat\",\"https:\\\/\\\/www.linkedin.com\\\/company\\\/10975377\\\/\"],\"description\":\"M\u00e1s de 40 a\u00f1os instalando y manteniendo sistemas de seguridad en Barcelona y Catalu\u00f1a. Alarmas, videovigilancia, control de accesos y antiincendios a medida.\",\"email\":\"nix@nix.cat\",\"telephone\":\"93 870 13 00\"}]}<\/script>\n<!-- \/ Yoast SEO Premium plugin. -->","yoast_head_json":{"title":"Pol\u00edtica de privacitat - NiX Grupo de Seguridad","description":"Per aquest motiu, li presentem la nostra Pol\u00edtica de Privacitat perqu\u00e8 estigui degudament informat en tot moment sobre com recopilem...","robots":{"index":"noindex","follow":"nofollow"},"og_locale":"ca_ES","og_type":"article","og_title":"Pol\u00edtica de privacitat","og_description":"Per aquest motiu, li presentem la nostra Pol\u00edtica de Privacitat perqu\u00e8 estigui degudament informat en tot moment sobre com recopilem...","og_url":"https:\/\/nix.cat\/ca\/politica-privacidad\/","og_site_name":"NiX Grupo de Seguridad","article_publisher":"https:\/\/www.facebook.com\/nixgrupdeseguretat\/","article_modified_time":"2025-01-29T14:44:12+00:00","og_image":[{"width":500,"height":500,"url":"https:\/\/nix.cat\/wp-content\/uploads\/2024\/07\/nix_logo.png","type":"image\/png"}],"twitter_card":"summary_large_image","twitter_image":"https:\/\/nix.cat\/wp-content\/uploads\/2024\/07\/nix_logo.png","twitter_site":"@NIXseguretat","twitter_misc":{"Temps estimat de lectura":"11 minuts"},"schema":{"@context":"https:\/\/schema.org","@graph":[{"@type":"WebPage","@id":"https:\/\/nix.cat\/ca\/politica-privacidad\/","url":"https:\/\/nix.cat\/ca\/politica-privacidad\/","name":"Pol\u00edtica de privacitat - NiX Grupo de Seguridad","isPartOf":{"@id":"https:\/\/nix.cat\/#website"},"datePublished":"2024-07-15T09:35:26+00:00","dateModified":"2025-01-29T14:44:12+00:00","description":"Per aquest motiu, li presentem la nostra Pol\u00edtica de Privacitat perqu\u00e8 estigui degudament informat en tot moment sobre com recopilem...","breadcrumb":{"@id":"https:\/\/nix.cat\/ca\/politica-privacidad\/#breadcrumb"},"inLanguage":"ca","potentialAction":[{"@type":"ReadAction","target":["https:\/\/nix.cat\/ca\/politica-privacidad\/"]}]},{"@type":"BreadcrumbList","@id":"https:\/\/nix.cat\/ca\/politica-privacidad\/#breadcrumb","itemListElement":[{"@type":"ListItem","position":1,"name":"Portada","item":"https:\/\/nix.cat\/ca\/"},{"@type":"ListItem","position":2,"name":"Pol\u00edtica de privacitat"}]},{"@type":"WebSite","@id":"https:\/\/nix.cat\/#website","url":"https:\/\/nix.cat\/","name":"NiX Grupo de Seguridad","description":"Alarmas para Particulares y Empresas","publisher":{"@id":"https:\/\/nix.cat\/#organization"},"potentialAction":[{"@type":"SearchAction","target":{"@type":"EntryPoint","urlTemplate":"https:\/\/nix.cat\/?s={search_term_string}"},"query-input":{"@type":"PropertyValueSpecification","valueRequired":true,"valueName":"search_term_string"}}],"inLanguage":"ca"},{"@type":"Organization","@id":"https:\/\/nix.cat\/#organization","name":"NiX Grup de Seguretat","alternateName":"NiX","url":"https:\/\/nix.cat\/","logo":{"@type":"ImageObject","inLanguage":"ca","@id":"https:\/\/nix.cat\/#\/schema\/logo\/image\/","url":"https:\/\/nix.cat\/wp-content\/uploads\/2024\/10\/logo1-5.png","contentUrl":"https:\/\/nix.cat\/wp-content\/uploads\/2024\/10\/logo1-5.png","width":100,"height":100,"caption":"NiX Grup de Seguretat"},"image":{"@id":"https:\/\/nix.cat\/#\/schema\/logo\/image\/"},"sameAs":["https:\/\/www.facebook.com\/nixgrupdeseguretat\/","https:\/\/x.com\/NIXseguretat","https:\/\/www.linkedin.com\/company\/10975377\/"],"description":"M\u00e1s de 40 a\u00f1os instalando y manteniendo sistemas de seguridad en Barcelona y Catalu\u00f1a. Alarmas, videovigilancia, control de accesos y antiincendios a medida.","email":"nix@nix.cat","telephone":"93 870 13 00"}]}},"_links":{"self":[{"href":"https:\/\/nix.cat\/ca\/wp-json\/wp\/v2\/pages\/1390","targetHints":{"allow":["GET"]}}],"collection":[{"href":"https:\/\/nix.cat\/ca\/wp-json\/wp\/v2\/pages"}],"about":[{"href":"https:\/\/nix.cat\/ca\/wp-json\/wp\/v2\/types\/page"}],"author":[{"embeddable":true,"href":"https:\/\/nix.cat\/ca\/wp-json\/wp\/v2\/users\/1"}],"replies":[{"embeddable":true,"href":"https:\/\/nix.cat\/ca\/wp-json\/wp\/v2\/comments?post=1390"}],"version-history":[{"count":1,"href":"https:\/\/nix.cat\/ca\/wp-json\/wp\/v2\/pages\/1390\/revisions"}],"predecessor-version":[{"id":1733,"href":"https:\/\/nix.cat\/ca\/wp-json\/wp\/v2\/pages\/1390\/revisions\/1733"}],"wp:attachment":[{"href":"https:\/\/nix.cat\/ca\/wp-json\/wp\/v2\/media?parent=1390"}],"curies":[{"name":"wp","href":"https:\/\/api.w.org\/{rel}","templated":true}]}}